{"id":83703,"date":"2024-10-17T15:06:50","date_gmt":"2024-10-17T13:06:50","guid":{"rendered":"https:\/\/www.leslundisdhortense.be\/?page_id=83703"},"modified":"2024-10-17T15:12:19","modified_gmt":"2024-10-17T13:12:19","slug":"legals_mentions","status":"publish","type":"page","link":"https:\/\/www.leslundisdhortense.be\/en\/legals_mentions\/","title":{"rendered":"Legals mentions"},"content":{"rendered":"<div class=\"wpb-content-wrapper\"><p>[vc_row][vc_column][vc_column_text]<\/p>\n<h2>\u00c9diteur<\/h2>\n<p>Le propri\u00e9taire et \u00e9diteur de ce site Internet est Les Lundis d&#8217;Hortense, association de droit belge, dont le si\u00e8ge social est situ\u00e9 au : chauss\u00e9e de Louvain 193a\/195, 1210 Bruxelles.<\/p>\n<p>Les Lundis d&#8217;Hortense peut \u00eatre jointe au via le formulaire de contact accessible depuis toutes les pages de notre site.<\/p>\n<p>&nbsp;<\/p>\n<h2>R\u00e9alisation<\/h2>\n<p>T\u00eate de Com<\/p>\n<p><a href=\"https:\/\/www.tetedecom.eu\" target=\"_blank\" rel=\"noopener noreferrer\">www.tetedecom.eu<\/a><\/p>\n<p>&nbsp;<\/p>\n<h2>H\u00e9bergeur<\/h2>\n<p>OVH SAS au capital de 10 069 020 \u20ac<\/p>\n<p>RCS Lille M\u00e9tropole 424 761 419 00045<\/p>\n<p>Code APE 2620Z<\/p>\n<p>N\u00b0 TVA : FR 22 424 761 419<\/p>\n<p>Si\u00e8ge social : 2 rue Kellermann<\/p>\n<p>59100 Roubaix \u2013 France<\/p>\n<p>Directeur de la publication : Octave KLABA<\/p>\n<p>&nbsp;<\/p>\n<h2>Donn\u00e9es personnelles<\/h2>\n<p>Pour vous offrir des services adapt\u00e9s, nous pouvons \u00eatre amen\u00e9s \u00e0 vous demander de nous fournir des donn\u00e9es personnelles. En fonction des services auxquels vous souscrivez, il vous sera demand\u00e9 de fournir des informations, certaines obligatoires et d\u2019autres facultatives.<\/p>\n<p>Les Lundis d&#8217;Hortense s\u2019engage \u00e0 respecter votre vie priv\u00e9e et \u00e0 prot\u00e9ger les informations que vous lui communiquez. Les donn\u00e9es personnelles collect\u00e9es sur nos sites Internet sont uniquement destin\u00e9es \u00e0 l\u2019usage de l&#8217;association Les Lundis d&#8217;Hortense.<\/p>\n<p>Conform\u00e9ment \u00e0 l\u2019art. 34 de la loi \u00ab Informatique et Libert\u00e9s \u00bb du 6 janvier 1978, vous disposez d\u2019un droit d\u2019acc\u00e8s, de modification, de rectification et de suppression des donn\u00e9es qui vous concernent. Pour exercer ce droit, contactez-nous via notre formulaire de contact.<\/p>\n<p>Si vous \u00eates abonn\u00e9 \u00e0 des services d\u2019information par courrier \u00e9lectronique (\u00ab newsletter \u00bb), vous pouvez demander \u00e0 ne plus recevoir ces courriers soit comme indiqu\u00e9 ci-dessus, soit en suivant les instructions figurant en fin de chacun de ces courriers, lorsque vous les recevez.<\/p>\n<p>&nbsp;<\/p>\n<h2>Cookies<\/h2>\n<p>Les sites Les Lundis d&#8217;Hortense utilisent des cookies. Ces fichiers stock\u00e9s sur votre ordinateur nous servent \u00e0 faciliter votre acc\u00e8s aux services que nous proposons. Les cookies du site ne contiennent pas de donn\u00e9es permettant de vous identifier personnellement, et ils sont con\u00e7us pour \u00eatre utilis\u00e9s uniquement par l&#8217;association Les Lundis d&#8217;Hortense. Nous vous informons que vous pouvez vous opposer \u00e0 l\u2019enregistrement de ces cookies en configurant votre ordinateur selon les modalit\u00e9s d\u00e9taill\u00e9es sur le site http:\/\/www.cnil.fr.<\/p>\n<p>&nbsp;<\/p>\n<h2>Liens vers d\u2019autres sites<\/h2>\n<p>L&#8217;association Les Lundis d&#8217;Hortense propose sur ses sites des liens vers des sites tiers. Ces liens sont \u00e9tablis en accord avec les sites concern\u00e9s \u00e0 un moment o\u00f9 l&#8217;association Les Lundis d&#8217;Hortense a pu juger opportun de le faire, compte tenu des contenus et services de ces sites. L&#8217;association Les Lundis d&#8217;Hortense ne pourra \u00eatre tenue responsable du contenu de ces sites et de l\u2019usage qui pourra en \u00eatre fait par les utilisateurs.<\/p>\n<p>&nbsp;<\/p>\n<h2>Propri\u00e9t\u00e9 intellectuelle<\/h2>\n<p>L\u2019acc\u00e8s aux sites de l&#8217;association Les Lundis d&#8217;Hortense vous conf\u00e8re un droit d\u2019usage priv\u00e9 et non exclusif des dits sites. Tous les articles, photographies et autres documents sur ce site sont la propri\u00e9t\u00e9 de l&#8217;association Les Lundis d&#8217;Hortense, ou sont autoris\u00e9s par leurs propri\u00e9taires, et sont soumis au droit d\u2019auteur et autres droits de propri\u00e9t\u00e9 intellectuelle.<\/p>\n<p>Les marques de commerce, logos, personnages (d\u00e9sign\u00e9s ensemble \u00ab Marque \u00bb) pr\u00e9sents sur ce site Internet appartiennent \u00e0 l&#8217;association Les Lundis d&#8217;Hortense ou \u00e0 ses partenaires. Aucune interpr\u00e9tation ne peut \u00eatre faite en faveur d\u2019une licence d\u2019utilisation ou d\u2019un quelconque droit d\u2019utiliser la Marque affich\u00e9e sur le site Internet.<\/p>\n<p>L\u2019utilisation frauduleuse de la Marque ou de tout autre contenu du site Internet est totalement interdite. L&#8217;association Les Lundis d&#8217;Hortense vous informe qu\u2019elle usera largement de ses droits de propri\u00e9t\u00e9 intellectuelle pour engager des poursuites, m\u00eames p\u00e9nales, si n\u00e9cessaires.<\/p>\n<p>&nbsp;<\/p>\n<h2>Indisponibilit\u00e9s des sites<\/h2>\n<p>L&#8217;association Les Lundis d&#8217;Hortense s\u2019engage \u00e0 faire ses meilleurs efforts pour assurer aux utilisateurs une accessibilit\u00e9 \u00e0 ses sites \u00e0 tout moment. L&#8217;association Les Lundis d&#8217;Hortense\u00a0ne pourra \u00eatre tenue responsable, en cas d\u2019indisponibilit\u00e9, pour quelque cause que ce soit.<\/p>\n<p>&nbsp;<\/p>\n<h2>Informations compl\u00e9mentaires<\/h2>\n<p>Pour toutes questions, r\u00e9clamations ou suggestions, contactez-nous via notre formulaire de contact.[\/vc_column_text][\/vc_column][\/vc_row]<\/p>\n<\/div>","protected":false},"excerpt":{"rendered":"<p>[vc_row][vc_column][vc_column_text] \u00c9diteur Le propri\u00e9taire et \u00e9diteur de ce site Internet est Les Lundis d&#8217;Hortense, association de droit belge, dont le [&hellip;]<\/p>\n","protected":false},"author":1,"featured_media":0,"parent":0,"menu_order":16,"comment_status":"open","ping_status":"closed","template":"","meta":{"_acf_changed":false,"_uf_show_specific_survey":0,"_uf_disable_surveys":false,"footnotes":""},"class_list":["post-83703","page","type-page","status-publish","hentry"],"acf":[],"yoast_head":"<!-- This site is optimized with the Yoast SEO plugin v27.5 - https:\/\/yoast.com\/product\/yoast-seo-wordpress\/ -->\n<title>Legals mentions - Les Lundis d&#039;Hortense<\/title>\n<meta name=\"robots\" content=\"index, follow, max-snippet:-1, max-image-preview:large, max-video-preview:-1\" \/>\n<link rel=\"canonical\" href=\"https:\/\/www.leslundisdhortense.be\/en\/legals_mentions\/\" \/>\n<meta property=\"og:locale\" content=\"en_US\" \/>\n<meta property=\"og:type\" content=\"article\" \/>\n<meta property=\"og:title\" content=\"Legals mentions - Les Lundis d&#039;Hortense\" \/>\n<meta property=\"og:description\" content=\"[vc_row][vc_column][vc_column_text] \u00c9diteur Le propri\u00e9taire et \u00e9diteur de ce site Internet est Les Lundis d&#8217;Hortense, association de droit belge, dont le [&hellip;]\" \/>\n<meta property=\"og:url\" content=\"https:\/\/www.leslundisdhortense.be\/en\/legals_mentions\/\" \/>\n<meta property=\"og:site_name\" content=\"Les Lundis d&#039;Hortense\" \/>\n<meta property=\"article:publisher\" content=\"https:\/\/www.facebook.com\/leslundisdhortense\" \/>\n<meta property=\"article:modified_time\" content=\"2024-10-17T13:12:19+00:00\" \/>\n<meta property=\"og:image\" content=\"https:\/\/www.leslundisdhortense.be\/wp-content\/uploads\/2019\/08\/share-img.png\" \/>\n\t<meta property=\"og:image:width\" content=\"1200\" \/>\n\t<meta property=\"og:image:height\" content=\"630\" \/>\n\t<meta property=\"og:image:type\" content=\"image\/png\" \/>\n<meta name=\"twitter:card\" content=\"summary_large_image\" \/>\n<meta name=\"twitter:site\" content=\"@lundisdhortense\" \/>\n<meta name=\"twitter:label1\" content=\"Est. reading time\" \/>\n\t<meta name=\"twitter:data1\" content=\"4 minutes\" \/>\n<script type=\"application\/ld+json\" class=\"yoast-schema-graph\">{\"@context\":\"https:\\\/\\\/schema.org\",\"@graph\":[{\"@type\":\"WebPage\",\"@id\":\"https:\\\/\\\/www.leslundisdhortense.be\\\/en\\\/legals_mentions\\\/\",\"url\":\"https:\\\/\\\/www.leslundisdhortense.be\\\/en\\\/legals_mentions\\\/\",\"name\":\"Legals mentions - Les Lundis d&#039;Hortense\",\"isPartOf\":{\"@id\":\"https:\\\/\\\/www.leslundisdhortense.be\\\/en\\\/#website\"},\"datePublished\":\"2024-10-17T13:06:50+00:00\",\"dateModified\":\"2024-10-17T13:12:19+00:00\",\"breadcrumb\":{\"@id\":\"https:\\\/\\\/www.leslundisdhortense.be\\\/en\\\/legals_mentions\\\/#breadcrumb\"},\"inLanguage\":\"en-US\",\"potentialAction\":[{\"@type\":\"ReadAction\",\"target\":[\"https:\\\/\\\/www.leslundisdhortense.be\\\/en\\\/legals_mentions\\\/\"]}]},{\"@type\":\"BreadcrumbList\",\"@id\":\"https:\\\/\\\/www.leslundisdhortense.be\\\/en\\\/legals_mentions\\\/#breadcrumb\",\"itemListElement\":[{\"@type\":\"ListItem\",\"position\":1,\"name\":\"Accueil\",\"item\":\"https:\\\/\\\/www.leslundisdhortense.be\\\/en\\\/\"},{\"@type\":\"ListItem\",\"position\":2,\"name\":\"Legals mentions\"}]},{\"@type\":\"WebSite\",\"@id\":\"https:\\\/\\\/www.leslundisdhortense.be\\\/en\\\/#website\",\"url\":\"https:\\\/\\\/www.leslundisdhortense.be\\\/en\\\/\",\"name\":\"Les Lundis d'Hortense\",\"description\":\"C&#039;est du jazz belge\",\"publisher\":{\"@id\":\"https:\\\/\\\/www.leslundisdhortense.be\\\/en\\\/#organization\"},\"potentialAction\":[{\"@type\":\"SearchAction\",\"target\":{\"@type\":\"EntryPoint\",\"urlTemplate\":\"https:\\\/\\\/www.leslundisdhortense.be\\\/en\\\/?s={search_term_string}\"},\"query-input\":{\"@type\":\"PropertyValueSpecification\",\"valueRequired\":true,\"valueName\":\"search_term_string\"}}],\"inLanguage\":\"en-US\"},{\"@type\":\"Organization\",\"@id\":\"https:\\\/\\\/www.leslundisdhortense.be\\\/en\\\/#organization\",\"name\":\"Les Lundis d'Hortense\",\"url\":\"https:\\\/\\\/www.leslundisdhortense.be\\\/en\\\/\",\"logo\":{\"@type\":\"ImageObject\",\"inLanguage\":\"en-US\",\"@id\":\"https:\\\/\\\/www.leslundisdhortense.be\\\/en\\\/#\\\/schema\\\/logo\\\/image\\\/\",\"url\":\"https:\\\/\\\/www.leslundisdhortense.be\\\/wp-content\\\/uploads\\\/2022\\\/12\\\/LDH-logo-negatif-couleur.jpg\",\"contentUrl\":\"https:\\\/\\\/www.leslundisdhortense.be\\\/wp-content\\\/uploads\\\/2022\\\/12\\\/LDH-logo-negatif-couleur.jpg\",\"width\":2048,\"height\":2185,\"caption\":\"Les Lundis d'Hortense\"},\"image\":{\"@id\":\"https:\\\/\\\/www.leslundisdhortense.be\\\/en\\\/#\\\/schema\\\/logo\\\/image\\\/\"},\"sameAs\":[\"https:\\\/\\\/www.facebook.com\\\/leslundisdhortense\",\"https:\\\/\\\/x.com\\\/lundisdhortense\",\"https:\\\/\\\/www.instagram.com\\\/leslundisdhortense\\\/\",\"https:\\\/\\\/www.youtube.com\\\/channel\\\/UCrpzRDMAiXU1t-ExuavTmhA\"]}]}<\/script>\n<!-- \/ Yoast SEO plugin. -->","yoast_head_json":{"title":"Legals mentions - Les Lundis d&#039;Hortense","robots":{"index":"index","follow":"follow","max-snippet":"max-snippet:-1","max-image-preview":"max-image-preview:large","max-video-preview":"max-video-preview:-1"},"canonical":"https:\/\/www.leslundisdhortense.be\/en\/legals_mentions\/","og_locale":"en_US","og_type":"article","og_title":"Legals mentions - Les Lundis d&#039;Hortense","og_description":"[vc_row][vc_column][vc_column_text] \u00c9diteur Le propri\u00e9taire et \u00e9diteur de ce site Internet est Les Lundis d&#8217;Hortense, association de droit belge, dont le [&hellip;]","og_url":"https:\/\/www.leslundisdhortense.be\/en\/legals_mentions\/","og_site_name":"Les Lundis d&#039;Hortense","article_publisher":"https:\/\/www.facebook.com\/leslundisdhortense","article_modified_time":"2024-10-17T13:12:19+00:00","og_image":[{"width":1200,"height":630,"url":"https:\/\/www.leslundisdhortense.be\/wp-content\/uploads\/2019\/08\/share-img.png","type":"image\/png"}],"twitter_card":"summary_large_image","twitter_site":"@lundisdhortense","twitter_misc":{"Est. reading time":"4 minutes"},"schema":{"@context":"https:\/\/schema.org","@graph":[{"@type":"WebPage","@id":"https:\/\/www.leslundisdhortense.be\/en\/legals_mentions\/","url":"https:\/\/www.leslundisdhortense.be\/en\/legals_mentions\/","name":"Legals mentions - Les Lundis d&#039;Hortense","isPartOf":{"@id":"https:\/\/www.leslundisdhortense.be\/en\/#website"},"datePublished":"2024-10-17T13:06:50+00:00","dateModified":"2024-10-17T13:12:19+00:00","breadcrumb":{"@id":"https:\/\/www.leslundisdhortense.be\/en\/legals_mentions\/#breadcrumb"},"inLanguage":"en-US","potentialAction":[{"@type":"ReadAction","target":["https:\/\/www.leslundisdhortense.be\/en\/legals_mentions\/"]}]},{"@type":"BreadcrumbList","@id":"https:\/\/www.leslundisdhortense.be\/en\/legals_mentions\/#breadcrumb","itemListElement":[{"@type":"ListItem","position":1,"name":"Accueil","item":"https:\/\/www.leslundisdhortense.be\/en\/"},{"@type":"ListItem","position":2,"name":"Legals mentions"}]},{"@type":"WebSite","@id":"https:\/\/www.leslundisdhortense.be\/en\/#website","url":"https:\/\/www.leslundisdhortense.be\/en\/","name":"Les Lundis d'Hortense","description":"C&#039;est du jazz belge","publisher":{"@id":"https:\/\/www.leslundisdhortense.be\/en\/#organization"},"potentialAction":[{"@type":"SearchAction","target":{"@type":"EntryPoint","urlTemplate":"https:\/\/www.leslundisdhortense.be\/en\/?s={search_term_string}"},"query-input":{"@type":"PropertyValueSpecification","valueRequired":true,"valueName":"search_term_string"}}],"inLanguage":"en-US"},{"@type":"Organization","@id":"https:\/\/www.leslundisdhortense.be\/en\/#organization","name":"Les Lundis d'Hortense","url":"https:\/\/www.leslundisdhortense.be\/en\/","logo":{"@type":"ImageObject","inLanguage":"en-US","@id":"https:\/\/www.leslundisdhortense.be\/en\/#\/schema\/logo\/image\/","url":"https:\/\/www.leslundisdhortense.be\/wp-content\/uploads\/2022\/12\/LDH-logo-negatif-couleur.jpg","contentUrl":"https:\/\/www.leslundisdhortense.be\/wp-content\/uploads\/2022\/12\/LDH-logo-negatif-couleur.jpg","width":2048,"height":2185,"caption":"Les Lundis d'Hortense"},"image":{"@id":"https:\/\/www.leslundisdhortense.be\/en\/#\/schema\/logo\/image\/"},"sameAs":["https:\/\/www.facebook.com\/leslundisdhortense","https:\/\/x.com\/lundisdhortense","https:\/\/www.instagram.com\/leslundisdhortense\/","https:\/\/www.youtube.com\/channel\/UCrpzRDMAiXU1t-ExuavTmhA"]}]}},"_links":{"self":[{"href":"https:\/\/www.leslundisdhortense.be\/en\/wp-json\/wp\/v2\/pages\/83703","targetHints":{"allow":["GET"]}}],"collection":[{"href":"https:\/\/www.leslundisdhortense.be\/en\/wp-json\/wp\/v2\/pages"}],"about":[{"href":"https:\/\/www.leslundisdhortense.be\/en\/wp-json\/wp\/v2\/types\/page"}],"author":[{"embeddable":true,"href":"https:\/\/www.leslundisdhortense.be\/en\/wp-json\/wp\/v2\/users\/1"}],"replies":[{"embeddable":true,"href":"https:\/\/www.leslundisdhortense.be\/en\/wp-json\/wp\/v2\/comments?post=83703"}],"version-history":[{"count":3,"href":"https:\/\/www.leslundisdhortense.be\/en\/wp-json\/wp\/v2\/pages\/83703\/revisions"}],"predecessor-version":[{"id":121704,"href":"https:\/\/www.leslundisdhortense.be\/en\/wp-json\/wp\/v2\/pages\/83703\/revisions\/121704"}],"wp:attachment":[{"href":"https:\/\/www.leslundisdhortense.be\/en\/wp-json\/wp\/v2\/media?parent=83703"}],"curies":[{"name":"wp","href":"https:\/\/api.w.org\/{rel}","templated":true}]}}