{"id":83717,"date":"2024-10-17T15:15:55","date_gmt":"2024-10-17T13:15:55","guid":{"rendered":"https:\/\/www.leslundisdhortense.be\/?page_id=83717"},"modified":"2024-10-17T15:17:46","modified_gmt":"2024-10-17T13:17:46","slug":"privacy_policy","status":"publish","type":"page","link":"https:\/\/www.leslundisdhortense.be\/nl\/privacy_policy\/","title":{"rendered":"Privacy policy"},"content":{"rendered":"<div class=\"wpb-content-wrapper\"><p>[vc_row][vc_column][vc_column_text]<\/p>\n<h2>Qui sommes nous ?<\/h2>\n<p>L\u2019adresse de notre site Web est : <a href=\"https:\/\/www.leslundisdhortense.be\" target=\"_blank\" rel=\"noopener noreferrer\">https:\/\/www.leslundisdhortense.be<\/a>.<\/p>\n<p>Voir les <a href=\"https:\/\/www.leslundisdhortense.be\/mentions-legales\/\">Mentions l\u00e9gales<\/a>\u00a0pour plus d\u2019informations sur le propri\u00e9taire du site.<\/p>\n<p>&nbsp;<\/p>\n<h2>Utilisation des donn\u00e9es personnelles collect\u00e9es<\/h2>\n<p>Les Lundis d&#8217;Hortense s&#8217;engage \u00e0 ce que la collecte et le traitement de vos donn\u00e9es, effectu\u00e9s \u00e0 partir du site www.leslundisdhortense.be, soient conformes au r\u00e8glement g\u00e9n\u00e9ral sur la protection des donn\u00e9es (RGPD) et \u00e0 la loi Informatique et Libert\u00e9s.<\/p>\n<p>&nbsp;<\/p>\n<h2>Formulaires de contact<\/h2>\n<p>Lorsque vous nous envoyez un message via le formulaire de notre site, nous vous demandons les coordonn\u00e9es n\u00e9cessaires pour pouvoir vous r\u00e9pondre. Ces donn\u00e9es ne serviront pas \u00e0 d\u2019autres usages et nous sont transmises par email.<\/p>\n<p>Chaque formulaire limite la collecte des donn\u00e9es personnelles au strict n\u00e9cessaire (minimisation des donn\u00e9es) et\u00a0 :<\/p>\n<p>&#8211; les objectifs du recueil des donn\u00e9es sont clairement affich\u00e9s sur le(s) formulaire(s)<\/p>\n<p>&#8211; les donn\u00e9es obligatoires ou facultatives sont clairement indiqu\u00e9es pour la gestion de votre demande<\/p>\n<p>&#8211; Les Lundis d&#8217;Hortense est le seul \u00e0 avoir acc\u00e8s \u00e0 ces donn\u00e9es au moyen de la messagerie \u00e9lectronique<\/p>\n<p>&#8211; aucune donn\u00e9e ne sera transmise \u00e0 des tiers<\/p>\n<p>&#8211; elles ne sont pas conserv\u00e9es sur le site internet.<\/p>\n<p>&nbsp;<\/p>\n<h2>Cookies<\/h2>\n<p>Les cookies de ciblage sont li\u00e9s aux services fournis par des tierces parties, comme les boutons &#8220;J&#8217;aime&#8221; ou &#8220;Partager&#8221;. Ces cookies sont plac\u00e9s par des tierces parties.<\/p>\n<p>Lors de votre premi\u00e8re visite sur le site, un bandeau vous informe de la pr\u00e9sence de ces cookies et vous invite \u00e0 indiquer votre choix. Ils ne sont d\u00e9pos\u00e9s que si vous les acceptez ou que vous poursuivez votre navigation sur le site en visitant une seconde page. Vous pouvez \u00e0 tout moment vous informer et param\u00e9trer vos cookies pour les accepter ou les refuser en vous rendant sur la page Gestion des cookies pr\u00e9sente en bas de chaque page du site. Vous pourrez indiquer votre pr\u00e9f\u00e9rence soit globalement pour le site, soit service par service.<\/p>\n<p>&nbsp;<\/p>\n<h2>Contenu embarqu\u00e9 depuis d\u2019autres sites<\/h2>\n<p>Les articles de ce site peuvent inclure des contenus int\u00e9gr\u00e9s h\u00e9berg\u00e9s sur d\u2019autres sites (par exemple des vid\u00e9os, images, articles\u2026). Le contenu int\u00e9gr\u00e9 depuis d\u2019autres sites respecte les param\u00e8tres de cet autre site.<\/p>\n<p>Par exemple ces sites web tiers pourraient collecter des donn\u00e9es sur vous, utiliser des cookies, embarquer des outils de suivis tiers, suivre vos interactions avec ces contenus embarqu\u00e9s si vous disposez d\u2019un compte connect\u00e9 sur leur site web. Ces sites web sont responsables de la collecte et du traitement des donn\u00e9es \u00e0 partir des contenus qu\u2019ils h\u00e9bergent.<\/p>\n<p>&nbsp;<\/p>\n<h2>Statistiques et mesures d\u2019audience<\/h2>\n<p>Ce site utilise Google Analytics pour collecter des donn\u00e9es statistiques telles que pages visit\u00e9es, localisation de l\u2019internaute, heure de visite, etc. Nous n\u2019avons acc\u00e8s qu\u2019aux donn\u00e9es habituellement mises \u00e0 disposition par Google Analytics sur son interface. Elles sont totalement anonymes : il nous est impossible d\u2019identifier les personnes \u00e0 partir des rapports \u00e0 notre disposition.<\/p>\n<p><a href=\"https:\/\/developers.google.com\/analytics\/devguides\/collection\/gtagjs\/cookie-usage\" target=\"_blank\" rel=\"noopener noreferrer\">https:\/\/developers.google.com\/analytics\/devguides\/collection\/gtagjs\/cookie-usage<\/a><\/p>\n<h2>Utilisation et transmission de vos donn\u00e9es personnelles<\/h2>\n<p>Vos donn\u00e9es personnelles ne seront utilis\u00e9es que pour les usages pour lesquels vous nous les communiquez.<\/p>\n<p>Elles ne seront pas transmises \u00e0 des tiers.<\/p>\n<p>&nbsp;<\/p>\n<h2>Dur\u00e9e de stockage de vos donn\u00e9es<\/h2>\n<p>Les donn\u00e9es sont conserv\u00e9es le temps n\u00e9cessaire aux traitements pour lesquels vous nous les avez communiqu\u00e9es et\/ou pour lesquels vous nous avez donn\u00e9 votre consentement explicite.<\/p>\n<p>&nbsp;<\/p>\n<h2>Les droits que vous avez sur vos donn\u00e9es<\/h2>\n<p>Si vous nous avez contact\u00e9 depuis le site, vous pouvez demander \u00e0 recevoir un fichier contenant toutes les donn\u00e9es personnelles que nous poss\u00e9dons \u00e0 votre sujet, incluant celles que vous nous avez fournies.<\/p>\n<p>Vous pouvez \u00e9galement demander la suppression des donn\u00e9es personnelles vous concernant. Cela ne prend pas en compte les donn\u00e9es stock\u00e9es \u00e0 des fins administratives, l\u00e9gales ou pour des raisons de s\u00e9curit\u00e9, ni les donn\u00e9es anonymes des statistiques.<\/p>\n<p>Ces actions seront r\u00e9alis\u00e9es dans les meilleurs d\u00e9lais, sous r\u00e9serve de faisabilit\u00e9 technique.<\/p>\n<p>&nbsp;<\/p>\n<h2>Protection des donn\u00e9es personnelles<\/h2>\n<p>Nous appliquons les mesures de s\u00e9curit\u00e9 technologiques et organisationnelles g\u00e9n\u00e9ralement reconnues afin que les donn\u00e9es \u00e0 caract\u00e8re personnel recueillies ne soient ni perdues, ni d\u00e9tourn\u00e9es, ni consult\u00e9es, ni modifi\u00e9es ni divulgu\u00e9es par des tiers non autoris\u00e9s sauf si la communication de ces donn\u00e9es est impos\u00e9e par la r\u00e9glementation en vigueur, notamment \u00e0 la requ\u00eate d&#8217;une autorit\u00e9 judiciaire, de police, de gendarmerie ou de toute autre autorit\u00e9 habilit\u00e9e par la loi.<\/p>\n<p>&nbsp;<\/p>\n<h2>Transmission de vos donn\u00e9es personnelles<\/h2>\n<p>Nous conservons vos donn\u00e9es dans l&#8217;Union Europ\u00e9enne.<\/p>\n<p>Si Les Lundis d&#8217;Hortense ou tout ou partie de ses actifs sont rachet\u00e9s par un tiers, les donn\u00e9es en notre possession seront, le cas \u00e9ch\u00e9ant, transf\u00e9r\u00e9es au nouveau propri\u00e9taire.<\/p>\n<h2>Informations de contact<\/h2>\n<p>Les Lundis d&#8217;Hortense<\/p>\n<p>Adresse postale : chauss\u00e9e de Louvain 193a\/195, 1210 Bruxelles<\/p>\n<p>T\u00e9l\u00e9phone : 02 219 58 51<\/p>\n<p><a href=\"https:\/\/www.leslundisdhortense.be\/contact\/\">Formulaire de contact<\/a><\/p>\n<p>[\/vc_column_text][\/vc_column][\/vc_row]<\/p>\n<\/div>","protected":false},"excerpt":{"rendered":"<p>[vc_row][vc_column][vc_column_text] Qui sommes nous ? L\u2019adresse de notre site Web est : https:\/\/www.leslundisdhortense.be. Voir les Mentions l\u00e9gales\u00a0pour plus d\u2019informations sur [&hellip;]<\/p>\n","protected":false},"author":1,"featured_media":0,"parent":0,"menu_order":13,"comment_status":"open","ping_status":"closed","template":"","meta":{"_acf_changed":false,"_uf_show_specific_survey":0,"_uf_disable_surveys":false,"footnotes":""},"class_list":["post-83717","page","type-page","status-publish","hentry"],"acf":[],"yoast_head":"<!-- This site is optimized with the Yoast SEO plugin v27.5 - https:\/\/yoast.com\/product\/yoast-seo-wordpress\/ -->\n<title>Privacy policy - Les Lundis d&#039;Hortense<\/title>\n<meta name=\"robots\" content=\"index, follow, max-snippet:-1, max-image-preview:large, max-video-preview:-1\" \/>\n<link rel=\"canonical\" href=\"https:\/\/www.leslundisdhortense.be\/nl\/privacy_policy\/\" \/>\n<meta property=\"og:locale\" content=\"nl_NL\" \/>\n<meta property=\"og:type\" content=\"article\" \/>\n<meta property=\"og:title\" content=\"Privacy policy - Les Lundis d&#039;Hortense\" \/>\n<meta property=\"og:description\" content=\"[vc_row][vc_column][vc_column_text] Qui sommes nous ? L\u2019adresse de notre site Web est : https:\/\/www.leslundisdhortense.be. Voir les Mentions l\u00e9gales\u00a0pour plus d\u2019informations sur [&hellip;]\" \/>\n<meta property=\"og:url\" content=\"https:\/\/www.leslundisdhortense.be\/nl\/privacy_policy\/\" \/>\n<meta property=\"og:site_name\" content=\"Les Lundis d&#039;Hortense\" \/>\n<meta property=\"article:publisher\" content=\"https:\/\/www.facebook.com\/leslundisdhortense\" \/>\n<meta property=\"article:modified_time\" content=\"2024-10-17T13:17:46+00:00\" \/>\n<meta property=\"og:image\" content=\"https:\/\/www.leslundisdhortense.be\/wp-content\/uploads\/2019\/08\/share-img.png\" \/>\n\t<meta property=\"og:image:width\" content=\"1200\" \/>\n\t<meta property=\"og:image:height\" content=\"630\" \/>\n\t<meta property=\"og:image:type\" content=\"image\/png\" \/>\n<meta name=\"twitter:card\" content=\"summary_large_image\" \/>\n<meta name=\"twitter:site\" content=\"@lundisdhortense\" \/>\n<meta name=\"twitter:label1\" content=\"Geschatte leestijd\" \/>\n\t<meta name=\"twitter:data1\" content=\"4 minuten\" \/>\n<script type=\"application\/ld+json\" class=\"yoast-schema-graph\">{\"@context\":\"https:\\\/\\\/schema.org\",\"@graph\":[{\"@type\":\"WebPage\",\"@id\":\"https:\\\/\\\/www.leslundisdhortense.be\\\/nl\\\/privacy_policy\\\/\",\"url\":\"https:\\\/\\\/www.leslundisdhortense.be\\\/nl\\\/privacy_policy\\\/\",\"name\":\"Privacy policy - Les Lundis d&#039;Hortense\",\"isPartOf\":{\"@id\":\"https:\\\/\\\/www.leslundisdhortense.be\\\/nl\\\/#website\"},\"datePublished\":\"2024-10-17T13:15:55+00:00\",\"dateModified\":\"2024-10-17T13:17:46+00:00\",\"breadcrumb\":{\"@id\":\"https:\\\/\\\/www.leslundisdhortense.be\\\/nl\\\/privacy_policy\\\/#breadcrumb\"},\"inLanguage\":\"nl-NL\",\"potentialAction\":[{\"@type\":\"ReadAction\",\"target\":[\"https:\\\/\\\/www.leslundisdhortense.be\\\/nl\\\/privacy_policy\\\/\"]}]},{\"@type\":\"BreadcrumbList\",\"@id\":\"https:\\\/\\\/www.leslundisdhortense.be\\\/nl\\\/privacy_policy\\\/#breadcrumb\",\"itemListElement\":[{\"@type\":\"ListItem\",\"position\":1,\"name\":\"Accueil\",\"item\":\"https:\\\/\\\/www.leslundisdhortense.be\\\/nl\\\/\"},{\"@type\":\"ListItem\",\"position\":2,\"name\":\"Privacy policy\"}]},{\"@type\":\"WebSite\",\"@id\":\"https:\\\/\\\/www.leslundisdhortense.be\\\/nl\\\/#website\",\"url\":\"https:\\\/\\\/www.leslundisdhortense.be\\\/nl\\\/\",\"name\":\"Les Lundis d'Hortense\",\"description\":\"C&#039;est du jazz belge\",\"publisher\":{\"@id\":\"https:\\\/\\\/www.leslundisdhortense.be\\\/nl\\\/#organization\"},\"potentialAction\":[{\"@type\":\"SearchAction\",\"target\":{\"@type\":\"EntryPoint\",\"urlTemplate\":\"https:\\\/\\\/www.leslundisdhortense.be\\\/nl\\\/?s={search_term_string}\"},\"query-input\":{\"@type\":\"PropertyValueSpecification\",\"valueRequired\":true,\"valueName\":\"search_term_string\"}}],\"inLanguage\":\"nl-NL\"},{\"@type\":\"Organization\",\"@id\":\"https:\\\/\\\/www.leslundisdhortense.be\\\/nl\\\/#organization\",\"name\":\"Les Lundis d'Hortense\",\"url\":\"https:\\\/\\\/www.leslundisdhortense.be\\\/nl\\\/\",\"logo\":{\"@type\":\"ImageObject\",\"inLanguage\":\"nl-NL\",\"@id\":\"https:\\\/\\\/www.leslundisdhortense.be\\\/nl\\\/#\\\/schema\\\/logo\\\/image\\\/\",\"url\":\"https:\\\/\\\/www.leslundisdhortense.be\\\/wp-content\\\/uploads\\\/2022\\\/12\\\/LDH-logo-negatif-couleur.jpg\",\"contentUrl\":\"https:\\\/\\\/www.leslundisdhortense.be\\\/wp-content\\\/uploads\\\/2022\\\/12\\\/LDH-logo-negatif-couleur.jpg\",\"width\":2048,\"height\":2185,\"caption\":\"Les Lundis d'Hortense\"},\"image\":{\"@id\":\"https:\\\/\\\/www.leslundisdhortense.be\\\/nl\\\/#\\\/schema\\\/logo\\\/image\\\/\"},\"sameAs\":[\"https:\\\/\\\/www.facebook.com\\\/leslundisdhortense\",\"https:\\\/\\\/x.com\\\/lundisdhortense\",\"https:\\\/\\\/www.instagram.com\\\/leslundisdhortense\\\/\",\"https:\\\/\\\/www.youtube.com\\\/channel\\\/UCrpzRDMAiXU1t-ExuavTmhA\"]}]}<\/script>\n<!-- \/ Yoast SEO plugin. -->","yoast_head_json":{"title":"Privacy policy - Les Lundis d&#039;Hortense","robots":{"index":"index","follow":"follow","max-snippet":"max-snippet:-1","max-image-preview":"max-image-preview:large","max-video-preview":"max-video-preview:-1"},"canonical":"https:\/\/www.leslundisdhortense.be\/nl\/privacy_policy\/","og_locale":"nl_NL","og_type":"article","og_title":"Privacy policy - Les Lundis d&#039;Hortense","og_description":"[vc_row][vc_column][vc_column_text] Qui sommes nous ? L\u2019adresse de notre site Web est : https:\/\/www.leslundisdhortense.be. Voir les Mentions l\u00e9gales\u00a0pour plus d\u2019informations sur [&hellip;]","og_url":"https:\/\/www.leslundisdhortense.be\/nl\/privacy_policy\/","og_site_name":"Les Lundis d&#039;Hortense","article_publisher":"https:\/\/www.facebook.com\/leslundisdhortense","article_modified_time":"2024-10-17T13:17:46+00:00","og_image":[{"width":1200,"height":630,"url":"https:\/\/www.leslundisdhortense.be\/wp-content\/uploads\/2019\/08\/share-img.png","type":"image\/png"}],"twitter_card":"summary_large_image","twitter_site":"@lundisdhortense","twitter_misc":{"Geschatte leestijd":"4 minuten"},"schema":{"@context":"https:\/\/schema.org","@graph":[{"@type":"WebPage","@id":"https:\/\/www.leslundisdhortense.be\/nl\/privacy_policy\/","url":"https:\/\/www.leslundisdhortense.be\/nl\/privacy_policy\/","name":"Privacy policy - Les Lundis d&#039;Hortense","isPartOf":{"@id":"https:\/\/www.leslundisdhortense.be\/nl\/#website"},"datePublished":"2024-10-17T13:15:55+00:00","dateModified":"2024-10-17T13:17:46+00:00","breadcrumb":{"@id":"https:\/\/www.leslundisdhortense.be\/nl\/privacy_policy\/#breadcrumb"},"inLanguage":"nl-NL","potentialAction":[{"@type":"ReadAction","target":["https:\/\/www.leslundisdhortense.be\/nl\/privacy_policy\/"]}]},{"@type":"BreadcrumbList","@id":"https:\/\/www.leslundisdhortense.be\/nl\/privacy_policy\/#breadcrumb","itemListElement":[{"@type":"ListItem","position":1,"name":"Accueil","item":"https:\/\/www.leslundisdhortense.be\/nl\/"},{"@type":"ListItem","position":2,"name":"Privacy policy"}]},{"@type":"WebSite","@id":"https:\/\/www.leslundisdhortense.be\/nl\/#website","url":"https:\/\/www.leslundisdhortense.be\/nl\/","name":"Les Lundis d'Hortense","description":"C&#039;est du jazz belge","publisher":{"@id":"https:\/\/www.leslundisdhortense.be\/nl\/#organization"},"potentialAction":[{"@type":"SearchAction","target":{"@type":"EntryPoint","urlTemplate":"https:\/\/www.leslundisdhortense.be\/nl\/?s={search_term_string}"},"query-input":{"@type":"PropertyValueSpecification","valueRequired":true,"valueName":"search_term_string"}}],"inLanguage":"nl-NL"},{"@type":"Organization","@id":"https:\/\/www.leslundisdhortense.be\/nl\/#organization","name":"Les Lundis d'Hortense","url":"https:\/\/www.leslundisdhortense.be\/nl\/","logo":{"@type":"ImageObject","inLanguage":"nl-NL","@id":"https:\/\/www.leslundisdhortense.be\/nl\/#\/schema\/logo\/image\/","url":"https:\/\/www.leslundisdhortense.be\/wp-content\/uploads\/2022\/12\/LDH-logo-negatif-couleur.jpg","contentUrl":"https:\/\/www.leslundisdhortense.be\/wp-content\/uploads\/2022\/12\/LDH-logo-negatif-couleur.jpg","width":2048,"height":2185,"caption":"Les Lundis d'Hortense"},"image":{"@id":"https:\/\/www.leslundisdhortense.be\/nl\/#\/schema\/logo\/image\/"},"sameAs":["https:\/\/www.facebook.com\/leslundisdhortense","https:\/\/x.com\/lundisdhortense","https:\/\/www.instagram.com\/leslundisdhortense\/","https:\/\/www.youtube.com\/channel\/UCrpzRDMAiXU1t-ExuavTmhA"]}]}},"_links":{"self":[{"href":"https:\/\/www.leslundisdhortense.be\/nl\/wp-json\/wp\/v2\/pages\/83717","targetHints":{"allow":["GET"]}}],"collection":[{"href":"https:\/\/www.leslundisdhortense.be\/nl\/wp-json\/wp\/v2\/pages"}],"about":[{"href":"https:\/\/www.leslundisdhortense.be\/nl\/wp-json\/wp\/v2\/types\/page"}],"author":[{"embeddable":true,"href":"https:\/\/www.leslundisdhortense.be\/nl\/wp-json\/wp\/v2\/users\/1"}],"replies":[{"embeddable":true,"href":"https:\/\/www.leslundisdhortense.be\/nl\/wp-json\/wp\/v2\/comments?post=83717"}],"version-history":[{"count":4,"href":"https:\/\/www.leslundisdhortense.be\/nl\/wp-json\/wp\/v2\/pages\/83717\/revisions"}],"predecessor-version":[{"id":121706,"href":"https:\/\/www.leslundisdhortense.be\/nl\/wp-json\/wp\/v2\/pages\/83717\/revisions\/121706"}],"wp:attachment":[{"href":"https:\/\/www.leslundisdhortense.be\/nl\/wp-json\/wp\/v2\/media?parent=83717"}],"curies":[{"name":"wp","href":"https:\/\/api.w.org\/{rel}","templated":true}]}}